{"id":82733,"date":"2017-01-18T20:08:54","date_gmt":"2017-01-19T01:08:54","guid":{"rendered":"https:\/\/depquebec.com\/marques-dessence\/apleingaz\/"},"modified":"2017-06-07T12:41:21","modified_gmt":"2017-06-07T16:41:21","slug":"apleingaz","status":"publish","type":"page","link":"https:\/\/depquebec.com\/zh-hans\/marques-dessence\/apleingaz\/","title":{"rendered":"\u00c0 plein Gaz"},"content":{"rendered":"<p><span class=\"TexteSpecial\"><a href=\"https:\/\/depquebec.com\/marques-dessence\/apleingaz\/z00c-2\/\" rel=\"attachment wp-att-1654\"><img decoding=\"async\" class=\"size-medium wp-image-1654 alignright\" src=\"https:\/\/depquebec.com\/wp-content\/uploads\/2017\/01\/z00c-400x300.jpg\" alt=\"\" width=\"400\" height=\"300\" srcset=\"https:\/\/depquebec.com\/wp-content\/uploads\/2017\/01\/z00c-400x300.jpg 400w, https:\/\/depquebec.com\/wp-content\/uploads\/2017\/01\/z00c.jpg 600w\" sizes=\"(max-width: 400px) 100vw, 400px\" \/><\/a><\/span>La marque d&#8217;essence <strong>\u00c0 plein gaz<\/strong> est exploit\u00e9e par <a href=\"https:\/\/depquebec.com\/zh-hans\/%e8%bf%9e%e9%94%81%e9%9b%b6%e5%94%ae%e4%bc%81%e4%b8%9a%e7%ae%80%e4%bb%8b\/loblaws\/\"><strong>Loblaw<\/strong><\/a> \u00e0 proximit\u00e9 de certains de ses supermarch\u00e9s <strong><a href=\"https:\/\/depquebec.com\/zh-hans\/bannieres\/maxi\/\">Maxi<\/a><\/strong> et <strong><a href=\"https:\/\/depquebec.com\/zh-hans\/bannieres\/provigo\/\">Provigo<\/a><\/strong>.<\/p>\n<p><span class=\"TexteSpecial\">L&#8217;id\u00e9e d&#8217;exploiter de telles stations tient \u00e0 vouloir offrir une synergie de produits, de promotions et de programmes de fid\u00e9lit\u00e9 aux consommateurs, mais <a href=\"https:\/\/depquebec.com\/zh-hans\/%e8%bf%9e%e9%94%81%e9%9b%b6%e5%94%ae%e4%bc%81%e4%b8%9a%e7%ae%80%e4%bb%8b\/loblaws\/\"><strong>Loblaw<\/strong><\/a> semble maintenant vouloir faire marche arri\u00e8re. En effet, la compagnie faisait savoir r\u00e9cemment qu&#8217;elle entendait mettre en vente son r\u00e9seau de 212 stations-service \u00e0 travers le Canada (source : <a href=\"http:\/\/www.tvanouvelles.ca\/2016\/05\/27\/loblaw-veut-se-departir-de-ses-postes-dessence\">TVA<\/a>). Elle suit en cela un mouvement amorc\u00e9 par de nombreuses p\u00e9troli\u00e8res (<a href=\"https:\/\/depquebec.com\/zh-hans\/marques-dessence\/shell\/\"><strong>Shell<\/strong><\/a>, <strong><a href=\"http:\/\/www.imperialoil.ca\/\" target=\"_blank\">L&#8217;Imp\u00e9riale<\/a><\/strong>, <strong><a href=\"https:\/\/www.valero.com\/en-us\" target=\"_blank\">Valero <\/a><\/strong>et autres) qui ont aussi jug\u00e9 pr\u00e9f\u00e9rable de se d\u00e9partir de leur r\u00e9seau, jugeant que l&#8217;exploitation de telles stations et d\u00e9panneurs est si peu rentable qu&#8217;il s&#8217;agit d&#8217;une source de distraction et qu&#8217;il convient de la confier \u00e0 des sp\u00e9cialistes pour se concentrer sur son expertise premi\u00e8re.\u00a0<\/span><\/p>\n<h4>Profil de l&#8217;enseigne<\/h4>\n\n<table id=\"tablepress-122\" class=\"tablepress tablepress-id-122\">\n<thead>\n<tr class=\"row-1\">\n\t<th class=\"column-1\">Nom:<\/th><th class=\"column-2\">\u00c0 plein gaz<\/th>\n<\/tr>\n<\/thead>\n<tbody class=\"row-striping row-hover\">\n<tr class=\"row-2\">\n\t<td class=\"column-1\"><a href=\"https:\/\/depquebec.com\/palmares\/palmares-des-marques-dessence\/\">Rang (marques d'essence):<\/a><\/td><td class=\"column-2\">15e sur 31<\/td>\n<\/tr>\n<tr class=\"row-3\">\n\t<td class=\"column-1\">Nombre d'enseignes:<\/td><td class=\"column-2\">12<\/td>\n<\/tr>\n<tr class=\"row-4\">\n\t<td class=\"column-1\">Description:<\/td><td class=\"column-2\">Marque d'essence maison<\/td>\n<\/tr>\n<tr class=\"row-5\">\n\t<td class=\"column-1\">Exploitant:<\/td><td class=\"column-2\"><a href=\"https:\/\/depquebec.com\/profils-de-detaillants\/loblaws\/\">Loblaw<\/a><\/td>\n<\/tr>\n<tr class=\"row-6\">\n\t<td class=\"column-1\">Type de franchise:<\/td><td class=\"column-2\"><a href=\"https:\/\/depquebec.com\/a-propos-depquebec\/nomenclature\/\">Type A) Magasin corporatif g\u00e9r\u00e9 par des employ\u00e9s<\/a><\/td>\n<\/tr>\n<tr class=\"row-7\">\n\t<td class=\"column-1\">Site web:<\/td><td class=\"column-2\">Aucun<\/td>\n<\/tr>\n<\/tbody>\n<\/table>\n<!-- #tablepress-122 from cache -->\n","protected":false},"excerpt":{"rendered":"<p>La marque d&#8217;es<\/p>\n","protected":false},"author":9,"featured_media":0,"parent":120318,"menu_order":0,"comment_status":"closed","ping_status":"closed","template":"","meta":{"footnotes":""},"class_list":["post-82733","page","type-page","status-publish","hentry"],"aioseo_notices":[],"jetpack_sharing_enabled":true,"_links":{"self":[{"href":"https:\/\/depquebec.com\/zh-hans\/wp-json\/wp\/v2\/pages\/82733","targetHints":{"allow":["GET"]}}],"collection":[{"href":"https:\/\/depquebec.com\/zh-hans\/wp-json\/wp\/v2\/pages"}],"about":[{"href":"https:\/\/depquebec.com\/zh-hans\/wp-json\/wp\/v2\/types\/page"}],"author":[{"embeddable":true,"href":"https:\/\/depquebec.com\/zh-hans\/wp-json\/wp\/v2\/users\/9"}],"replies":[{"embeddable":true,"href":"https:\/\/depquebec.com\/zh-hans\/wp-json\/wp\/v2\/comments?post=82733"}],"version-history":[{"count":0,"href":"https:\/\/depquebec.com\/zh-hans\/wp-json\/wp\/v2\/pages\/82733\/revisions"}],"up":[{"embeddable":true,"href":"https:\/\/depquebec.com\/zh-hans\/wp-json\/wp\/v2\/pages\/120318"}],"wp:attachment":[{"href":"https:\/\/depquebec.com\/zh-hans\/wp-json\/wp\/v2\/media?parent=82733"}],"curies":[{"name":"wp","href":"https:\/\/api.w.org\/{rel}","templated":true}]}}